{"id":51,"date":"2013-04-13T16:04:34","date_gmt":"2013-04-13T14:04:34","guid":{"rendered":"http:\/\/127.0.0.1\/boehmerwald\/cz\/?page_id=51"},"modified":"2024-11-17T22:34:33","modified_gmt":"2024-11-17T20:34:33","slug":"pratele-a-sponzori","status":"publish","type":"page","link":"https:\/\/www.boehmerwaldmuseum.at\/cz\/pratele-a-sponzori\/","title":{"rendered":"P\u0159\u00e1tel\u00e9 a sponzo\u0159i"},"content":{"rendered":"\n<p><strong>JIN\u00c9 INSTITUCE SE PODOBN\u00ddMI T\u00c9MATY<\/strong><\/p>\n\n\n\n<p>Der B\u00f6hmerwald e.V.<br><a href=\"http:\/\/www.bhk-prachatitz.de\/\">http:\/\/www.derboehmerwald.com<\/a><\/p>\n\n\n\n<p>B\u00f6hmerwaldbund Ober\u00f6sterreich<br><a rel=\"noopener noreferrer\" href=\"http:\/\/www.bwb-ooe.at\/\" target=\"_blank\">www.bwb-ooe.at<\/a><\/p>\n\n\n\n<p>Ohetaler Verlag<br><a href=\"http:\/\/www.ohetaler-verlag.de\/\" target=\"_blank\" rel=\"noopener noreferrer\">www.ohetaler-verlag.de<\/a><\/p>\n\n\n\n<p>Morsak Verlag<br><a href=\"https:\/\/moverlag.eu\/\">https:\/\/moverlag.eu\/<\/a><\/p>\n\n\n\n<p>Institut f\u00fcr historische Familienforschung<br><a rel=\"noopener noreferrer\" href=\"http:\/\/www.ihff.at\/\" target=\"_blank\">www.ihff. at<\/a><\/p>\n\n\n\n<p>Genealogie &#8211; Genteam<br><a href=\"http:\/\/www.genteam.at\" target=\"_blank\" rel=\"noopener noreferrer\">www.genteam.at<\/a><\/p>\n\n\n\n<p>Familia Austria<br><a href=\"https:\/\/www.familia-austria.at\/\" data-type=\"URL\" data-id=\"https:\/\/www.familia-austria.at\/\">https:\/\/www.familia-austria.at\/<\/a><\/p>\n\n\n\n<p>Sudetendeutsche Landsmannschaft Deutschland<br><a rel=\"noreferrer noopener\" href=\"http:\/\/www.sudeten.de\/\" target=\"_blank\">http:\/\/www.sudeten.de<\/a><\/p>\n\n\n\n<p>Sudetendeutsches Institut<br><a rel=\"noreferrer noopener\" href=\"https:\/\/www.sudetendeutsches-archiv.de\/\" data-type=\"URL\" data-id=\"https:\/\/www.sudetendeutsches-archiv.de\/\" target=\"_blank\">www.sudetendeutsches-archiv.de<\/a><\/p>\n\n\n\n<p>Sudetendeutsche Heimatpflege<br><a href=\"http:\/\/www.sudetendeutsche-heimatpflege.de\/\" target=\"_blank\" rel=\"noopener noreferrer\">www.sudetendeutsche-heimatpflege.de<\/a><\/p>\n\n\n\n<p>Sudetendeutsche Landsmannschaft Bayern<br><a rel=\"noopener noreferrer\" href=\"http:\/\/www.sudeten-by.de\/f0.htm\" target=\"_blank\">www.sudeten-by.de\/f0.htm<\/a><\/p>\n\n\n\n<p>Sudetendeutsche Landsmannschaft in \u00d6sterreich<br><a href=\"http:\/\/www.sudeten.at\/index.html\">www.sudeten.at<\/a><\/p>\n\n\n\n<p>Kuenringerstadt Weitra in Nieder\u00f6sterreich<br><a rel=\"noopener noreferrer\" href=\"http:\/\/www.weitra.at\/\" target=\"_blank\">www.weitra.at<\/a><\/p>\n\n\n\n<p>Mandelstein (Nieder\u00f6sterreich)<br><a href=\"https:\/\/www.moorbad-harbach.at\/mandelstein-5\" data-type=\"URL\" data-id=\"https:\/\/www.moorbad-harbach.at\/mandelstein-5\">https:\/\/www.moorbad-harbach.at\/mandelstein-5<\/a><\/p>\n\n\n\n<p>Moorbad Harbach<br><a href=\"https:\/\/www.moorbad-harbach.gv.at\/\" data-type=\"URL\" data-id=\"https:\/\/www.moorbad-harbach.gv.at\/\">https:\/\/www.moorbad-harbach.gv.at\/<\/a><\/p>\n\n\n\n<p>Tschechisches Zentrum Wien<br><a rel=\"noopener noreferrer\" href=\"http:\/\/wien.czechcentres.cz\/\" target=\"_blank\">www.czechcentres.cz\/vienna<\/a><\/p>\n\n\n\n<p>Regionalmuseum Krummau<br><a rel=\"noopener noreferrer\" href=\"http:\/\/www.ckrumlov.info\/docs\/cz\/atr2.xml\" target=\"_blank\">www.ckrumlov.info\/docs\/cz\/atr2.xml<\/a><\/p>\n\n\n\n<p>B\u00fcrgervereinigung Antikomplex<br><a href=\"http:\/\/www.antikomplex.cz\/de\/\" target=\"_blank\" rel=\"noopener noreferrer\">www.antikomplex.cz\/de<\/a><\/p>\n\n\n\n<p>Der B\u00f6hmerwald in alten Ansichten<br><a rel=\"noopener noreferrer\" href=\"http:\/\/www.stara-sumava.cz\/\" target=\"_blank\">www.stara-sumava.cz<\/a><\/p>\n\n\n\n<p>Heimat.Museum R\u00f6hrnbach.Kaltenbach<br><a href=\"https:\/\/www.museum.de\/museen\/heimatmuseum-r%C3%B6hrnbach-kaltenbach\">https:\/\/www.museum.de\/museen\/heimatmuseum-r%C3%B6hrnbach-kaltenbach<\/a><\/p>\n\n\n\n<p>Waldgeschichtliches Museum St. Oswald<br><a href=\"https:\/\/www.nationalpark-bayerischer-wald.bayern.de\/besucher\/einrichtungen\/waldgeschichtliches_museum\/index.htm\">https:\/\/www.nationalpark-bayerischer-wald.bayern.de\/besucher\/einrichtungen\/waldgeschichtliches_museum\/index.htm<\/a><\/p>\n\n\n\n<p>Stadt und Pfarre Rosenberg<br><a href=\"http:\/\/www.museum-freistadt.at\/rosenberger\/\">www.museum-freistadt.at\/rosenberger<\/a><\/p>\n\n\n\n<p>Heimatgruppe Aalen im Deutschen B\u00f6hmerwaldbund<br><a rel=\"noopener noreferrer\" href=\"http:\/\/www.dbb-aalen.de\/\" target=\"_blank\">www.dbb-aalen.de<\/a><\/p>\n\n\n\n<p>Heimatgemeinden des Kreises Br\u00fcx<br><a href=\"http:\/\/www.kreis-bruex.de\/\" target=\"_blank\" rel=\"noopener noreferrer\">www.kreis-bruex.de<\/a><\/p>\n\n\n\n<p>Bund der Deutschen &#8211; Landschaft Egerland<br><a rel=\"noopener noreferrer\" href=\"http:\/\/www.egerlaender.cz\/\" target=\"_blank\">http:\/\/www.egerlaender.cz<\/a><\/p>\n\n\n\n<p>Hoam!<br><a href=\"https:\/\/www.hoam.eu\/die-zeitschrift\/\">https:\/\/www.hoam.eu\/die-zeitschrift\/<\/a><\/p>\n\n\n\n<p>Glaube und Heimat<br><a rel=\"noopener noreferrer\" href=\"http:\/\/www.glaubeundheimat.de\/\" target=\"_blank\">www.glaubeundheimat.de<\/a><\/p>\n\n\n\n<p>Genealogie &#8211; Historikerkanzlei<br><a rel=\"noopener noreferrer\" href=\"http:\/\/www.historiker.at\/\" target=\"_blank\">www.historiker.at<\/a><\/p>\n\n\n\n<p>Gratzen \/ Nov\u00e9 Hrady<br><a href=\"http:\/\/www.novehrady.cz\/\" target=\"_blank\" rel=\"noopener noreferrer\">www.novehrady.cz<\/a><\/p>\n\n\n\n<p>Erbengemeinschaft Anton G\u00fcnther<br><a href=\"http:\/\/www.anton-guenther.de\/\" target=\"_blank\" rel=\"noopener noreferrer\">www.anton-guenther.de<\/a><\/p>\n\n\n\n<p>Kulturlandschaftsmuseum Haidm\u00fchle<br><a href=\"http:\/\/www.kulturlandschaftsmuseum.de\/\" target=\"_blank\" rel=\"noopener noreferrer\">www.kulturlandschaftsmuseum.de<\/a><\/p>\n\n\n\n<p>Heimatkreis Komotau<br><a href=\"http:\/\/www.komotau.de\/\" target=\"_blank\" rel=\"noopener noreferrer\">www.komotau.de<\/a><\/p>\n\n\n\n<p>Klostermann Verein Tschechien<br><a href=\"https:\/\/www.klostermann.cz\/klostermann\/ospolku.asp\">https:\/\/www.klostermann.cz\/klostermann\/ospolku.asp<\/a><\/p>\n\n\n\n<p>Verein heimattreuer Kuhl\u00e4nder<br><a rel=\"noopener noreferrer\" href=\"http:\/\/www.kuhlaendchen.de\/\" target=\"_blank\">www.kuhlaendchen.de<\/a><\/p>\n\n\n\n<p>Museum Au\u00dfergefild \/ Kvilda<br><a href=\"http:\/\/www.sumava.net\/kvilda\/\" target=\"_blank\" rel=\"noopener noreferrer\">www.sumava.net\/kvilda<\/a><\/p>\n\n\n\n<p>B\u00f6hmerwaldmuseum Bergreichenstein \/ Ka\u0161persk\u00e9 Hory und Sch\u00fcttenhofen \/ Su\u0161ice<br><a href=\"https:\/\/www.muzeumsumavy.cz\/muzeumsumavy\/\">https:\/\/www.muzeumsumavy.cz\/muzeumsumavy\/<\/a><\/p>\n\n\n\n<p>Museum B\u00f6hmisch Eisenstein \/ \u017delezn\u00e1 Ruda<br><a href=\"https:\/\/www.zelezna-ruda.cz\/zeleznaruda\/fr.asp?tab=snet&amp;id=2586&amp;burl=&amp;pt=TUHS&amp;lng=de\">https:\/\/www.zelezna-ruda.cz\/zeleznaruda\/fr.asp?tab=snet&amp;id=2586&amp;burl=&amp;pt=TUHS&amp;lng=de<\/a><\/p>\n\n\n\n<p>Museum Karlsbad \/ Karlovy Vary<br><a href=\"https:\/\/kvmuz.cz\/\">https:\/\/kvmuz.cz\/zeum-karlovy-vary<\/a><\/p>\n\n\n\n<p>Egerlandmuseum Marktredwitz<br><a href=\"http:\/\/www.egerlandmuseum.de\/\" target=\"_blank\" rel=\"noopener noreferrer\">www.egerlandmuseum.de<\/a><\/p>\n\n\n\n<p>Museumsdorf Niedersulz<br><a href=\"https:\/\/www.museumsdorf.at\/de\">https:\/\/www.museumsdorf.at\/de<\/a><\/p>\n\n\n\n<p>B\u00f6hmerwaldmuseum Passau<br><a href=\"https:\/\/www.oberhausmuseum.de\/museum\/dauerausstellungen\/boehmerwaldmuseum\/\" data-type=\"URL\" data-id=\"https:\/\/www.oberhausmuseum.de\/museum\/dauerausstellungen\/boehmerwaldmuseum\/\">https:\/\/www.oberhausmuseum.de\/museum\/dauerausstellungen\/boehmerwaldmuseum\/<\/a><\/p>\n\n\n\n<p>Nationalpark \u0160umava<br><a rel=\"noopener noreferrer\" href=\"http:\/\/www.npsumava.cz\/cz\/\" target=\"_blank\">www.npsumava.cz<\/a><\/p>\n\n\n\n<p>forum o\u00f6 geschichte<br><a href=\"http:\/\/www.ooegeschichte.at\/\">www.ooegeschichte.at<\/a><\/p>\n\n\n\n<p>Schwarzenberg\u00b4scher Schwemmkanal<br><a href=\"http:\/\/www.boehmerwald.at\/oesterreich\/poi\/430000931\/schwarzenbergischer-schwemmkanal.html\">http:\/\/www.boehmerwald.at\/oesterreich\/poi\/430000931\/schwarzenbergischer-schwemmkanal.html<\/a><\/p>\n\n\n\n<p>F\u00f6rderverein Sonnberg<br><a href=\"http:\/\/www.pfarrkirche-sonnberg.de\/\" target=\"_blank\" rel=\"noopener noreferrer\">www.pfarrkirche-sonnberg.de<\/a><\/p>\n\n\n\n<p>Rheinische Stifter Gesellschaft<br><a href=\"http:\/\/www.adalbert-stifter-gemeinschaft.de\/\" target=\"_blank\" rel=\"noopener noreferrer\">www.adalbert-stifter-gemeinschaft.de<\/a><\/p>\n\n\n\n<p>Antiquariat Dipl.-Ing Ralf Einhorn<br><a rel=\"noopener noreferrer\" href=\"http:\/\/www.antiquar-einhorn.de\/\" target=\"_blank\">www.antiquar-einhorn.de<\/a><\/p>\n\n\n\n<p>Wiener Stadtrundfahrt<br><a href=\"http:\/\/www.stadtrundfahrt.com\/wien\/hopon-hopoff\/\/\">http:\/\/www.stadtrundfahrt.com\/wien\/hopon-hopoff\/\/<\/a><\/p>\n\n\n\n<p>Music of Vienna!<br><a href=\"http:\/\/www.musicofvienna.com\/\" target=\"_blank\" rel=\"noopener noreferrer\">http:\/\/www.musicofvienna.com\/<\/a><\/p>\n\n\n\n<div class=\"wp-block-image\"><figure class=\"alignleft\"><a href=\"http:\/\/www.boehmerwaldmuseum.at\/freunde-forderer\/\"><img loading=\"lazy\" width=\"24\" height=\"14\" src=\"http:\/\/www.boehmerwaldmuseum.at\/cz\/wp-content\/uploads\/sites\/3\/2013\/04\/de_o.jpg\" alt=\"de_o\" class=\"wp-image-111\"\/><\/a><\/figure><\/div>\n\n\n\n<div class=\"wp-block-image\"><figure class=\"alignleft\"><a href=\"http:\/\/www.boehmerwaldmuseum.at\/en\/friends-sponsors\/\"><img loading=\"lazy\" width=\"24\" height=\"14\" src=\"http:\/\/www.boehmerwaldmuseum.at\/cz\/wp-content\/uploads\/sites\/3\/2013\/04\/en_o.jpg\" alt=\"en_o\" class=\"wp-image-112\"\/><\/a><\/figure><\/div>\n\n\n\n<div class=\"wp-block-image\"><figure class=\"alignleft\"><a href=\"http:\/\/www.boehmerwaldmuseum.at\/cz\/wp-content\/uploads\/sites\/3\/2013\/04\/cz.jpg\"><img loading=\"lazy\" width=\"24\" height=\"14\" src=\"http:\/\/www.boehmerwaldmuseum.at\/cz\/wp-content\/uploads\/sites\/3\/2013\/04\/cz.jpg\" alt=\"cz\" class=\"wp-image-110\"\/><\/a><\/figure><\/div>\n","protected":false},"excerpt":{"rendered":"<p>JIN\u00c9 INSTITUCE SE PODOBN\u00ddMI T\u00c9MATY Der B\u00f6hmerwald e.V.http:\/\/www.derboehmerwald.com B\u00f6hmerwaldbund Ober\u00f6sterreichwww.bwb-ooe.at Ohetaler Verlagwww.ohetaler-verlag.de Morsak Verlaghttps:\/\/moverlag.eu\/ Institut f\u00fcr historische Familienforschungwww.ihff. at Genealogie &#8211; Genteamwww.genteam.at Familia Austriahttps:\/\/www.familia-austria.at\/ Sudetendeutsche Landsmannschaft Deutschlandhttp:\/\/www.sudeten.de Sudetendeutsches Institutwww.sudetendeutsches-archiv.de Sudetendeutsche&hellip;<\/p>\n","protected":false},"author":1,"featured_media":209,"parent":0,"menu_order":5,"comment_status":"closed","ping_status":"closed","template":"onecolumn-page.php","meta":[],"_links":{"self":[{"href":"https:\/\/www.boehmerwaldmuseum.at\/cz\/wp-json\/wp\/v2\/pages\/51"}],"collection":[{"href":"https:\/\/www.boehmerwaldmuseum.at\/cz\/wp-json\/wp\/v2\/pages"}],"about":[{"href":"https:\/\/www.boehmerwaldmuseum.at\/cz\/wp-json\/wp\/v2\/types\/page"}],"author":[{"embeddable":true,"href":"https:\/\/www.boehmerwaldmuseum.at\/cz\/wp-json\/wp\/v2\/users\/1"}],"replies":[{"embeddable":true,"href":"https:\/\/www.boehmerwaldmuseum.at\/cz\/wp-json\/wp\/v2\/comments?post=51"}],"version-history":[{"count":15,"href":"https:\/\/www.boehmerwaldmuseum.at\/cz\/wp-json\/wp\/v2\/pages\/51\/revisions"}],"predecessor-version":[{"id":289,"href":"https:\/\/www.boehmerwaldmuseum.at\/cz\/wp-json\/wp\/v2\/pages\/51\/revisions\/289"}],"wp:featuredmedia":[{"embeddable":true,"href":"https:\/\/www.boehmerwaldmuseum.at\/cz\/wp-json\/wp\/v2\/media\/209"}],"wp:attachment":[{"href":"https:\/\/www.boehmerwaldmuseum.at\/cz\/wp-json\/wp\/v2\/media?parent=51"}],"curies":[{"name":"wp","href":"https:\/\/api.w.org\/{rel}","templated":true}]}}